{"id":423,"date":"2016-12-12T22:59:50","date_gmt":"2016-12-12T21:59:50","guid":{"rendered":"http:\/\/kinderhaus.pfarrei-badkoetzting.de\/?page_id=423"},"modified":"2019-03-04T16:06:35","modified_gmt":"2019-03-04T15:06:35","slug":"mittagessen","status":"publish","type":"page","link":"https:\/\/kinderhaus.pfarrei-badkoetzting.de\/?page_id=423","title":{"rendered":"Mittagessen"},"content":{"rendered":"<h4 style=\"text-align: center;\"><img decoding=\"async\" loading=\"lazy\" class=\"aligncenter wp-image-546\" src=\"https:\/\/kinderhaus.pfarrei-badkoetzting.de\/wordpress\/wp-content\/uploads\/2016\/12\/imagesF135WCVW.jpg\" alt=\"imagesf135wcvw\" width=\"364\" height=\"231\" \/>Informationen zu unserer Mittagsk\u00fcche<\/h4>\n<p>&nbsp;<\/p>\n<p>In unserem Kinderhaus haben die Eltern die M\u00f6glichkeit, ihr Kind zum Mittagessen anzumelden. In dem Fall erhalten sie einen kurzen Infobrief, in dem auf das Wichtigste hingewiesen wird.<\/p>\n<p>Wir haben im Haus eine eigene K\u00f6chin, die das Essen t\u00e4glich frisch zubereitet. Sie ist gelernte K\u00f6chin und nimmt regelm\u00e4\u00dfig an Fortbildungsveranstaltungen des Bayerischen Staatsministeriums f\u00fcr Ern\u00e4hrung teil. Ebenso wurde unsere Einrichtung 2011\/12 ausgew\u00e4hlt an einem Coachingprojekt\u00a0 f\u00fcr &#8222;gesundheitsf\u00f6rdernde Mittagsverpflegung in Kindertageseinrichtungen&#8220; teilzunehmen.<\/p>\n<p>Die Speisen unterliegen einer t\u00e4glichen Temperaturkontrolle, es werden R\u00fcckstellproben genommen und wie ber\u00fccksichtigen alle Forderungen, die seitens des Gesundheitsamtes gestellt sind.<\/p>\n<p>Das Mittagessen beinhaltet jeweils eine Haupt-und Nachspeise oder eine Suppe und eine Hauptspeise.<\/p>\n<p>Im Eingangsbereich finden Sie den Speiseplan, der \u00fcber 8 Wochen geht. Diese Pl\u00e4ne wurden speziell auf Bed\u00fcrfnisse der Kinder unserer Einrichtung ausgerichtet und nach DGE (Deutsche Gesellschaft f\u00fcr Ern\u00e4hrung) optimiert.<\/p>\n<p>Es ist nun auch vorgeschrieben\u00a0, die Allergenkennzeichnung durchzuf\u00fchren und so sind diese auch auf den aush\u00e4ngenden Pl\u00e4nen angegeben. Daher ist es auch sinnvoll, immer die gleichen Markenprodukte zu verwenden. Leider ist es heutzutage so, dass wir immer mehr mit\u00a0Allergien zu tun haben. Sollte ihr Kind irgendeine Lebensmittelallergie haben, die schon bekannt ist, sollten sie uns dar\u00fcber bitte eine \u00e4rztliche Bescheinigung mitbringen. Somit kann unsere K\u00f6chin bei der Speisenzubereitung darauf achten und dem Kind etwas anderes anbieten.\u00a0Den Abschnitt bitte ebenfalls ausf\u00fcllen und zu Kindergartenbeginn in der Gruppe abgeben, denn auch in den Gruppen wird ab und zu gekocht bzw. gibt es auch noch den Obst- und Gem\u00fcsetag.<br \/>\nSollte ein Kind Allergien oder Krankheiten aufweisen, die wir bei der Zubereitung nicht ber\u00fccksichtigen k\u00f6nnen, so behalten wir uns vor, das Kind von der Mittagsverpflegung auszuschlie\u00dfen.<\/p>\n<p>F\u00fcr die Mahlzeit bezahlen Sie f\u00fcr Ihr Kind 3,- Euro.<br \/>\nSollte unsere K\u00f6chin einmal krank sein, sorgen wir f\u00fcr Ersatz.<br \/>\nAusnahmsweise kann das Mittagessen auch einmal entfallen, wenn wir z.B. an einem Tag\u00a0 einen besonderen Ausflug geplant haben. Dann werden Sie aber dar\u00fcber rechtzeitig informiert.<\/p>\n<p>Die Mittagskinder sind bei uns &#8222;fest&#8220; angemeldet. Wir schreiben t\u00e4glich auf, ob das Kind beim Mittagessen anwesend oder krank war. Am Ende des Monats wird abgerechnet und der f\u00e4llige Betrag wird bis zum 10. des folge Monats abgebucht. Nat\u00fcrlich k\u00f6nnen Sie aber auch z.B. nur 2-3 w\u00f6chentliche feste Tage buchen.<\/p>\n<p>Das Landratsamt Cham gew\u00e4hrt nach Pr\u00fcfung der famili\u00e4ren Situation finanzielle Unterst\u00fctzung. Hierzu erhalten Sie bei uns einen sog. Antrag auf Leistungen f\u00fcr Bildung und Teilhabe. Ein Eigenanteil von 1.- Euro pro Mahlzeit bleibt.<br \/>\nBitte denken Sie eigenst\u00e4ndig daran, so dass wir Sie nicht st\u00e4ndig zur Zahlung auffordern m\u00fcssen &#8211; dies ist f\u00fcr uns auch keine sch\u00f6ne Situation.<br \/>\nWenn Sie das\u00a0Mittagsgeld bezahlt haben, erhalten Sie in der Gruppen eine Bescheinigung, die Sie in ihrer Steuererkl\u00e4rung mitangeben\u00a0 k\u00f6nnen.<br \/>\nWir stellen diese Bescheinigung aber nur einmalig aus.<\/p>\n","protected":false},"excerpt":{"rendered":"<p>Informationen zu unserer Mittagsk\u00fcche &nbsp; In unserem Kinderhaus haben die Eltern die M\u00f6glichkeit, ihr Kind zum Mittagessen anzumelden. In dem Fall erhalten sie einen kurzen Infobrief, in dem auf das Wichtigste hingewiesen wird. Wir haben im Haus eine eigene K\u00f6chin, die das Essen t\u00e4glich frisch zubereitet. Sie ist gelernte K\u00f6chin und nimmt regelm\u00e4\u00dfig an Fortbildungsveranstaltungen &hellip; <a href=\"https:\/\/kinderhaus.pfarrei-badkoetzting.de\/?page_id=423\" class=\"more-link\"><span class=\"screen-reader-text\">Mittagessen<\/span> weiterlesen <span class=\"meta-nav\">&rarr;<\/span><\/a><\/p>\n","protected":false},"author":3,"featured_media":0,"parent":0,"menu_order":0,"comment_status":"closed","ping_status":"closed","template":"","meta":[],"_links":{"self":[{"href":"https:\/\/kinderhaus.pfarrei-badkoetzting.de\/index.php?rest_route=\/wp\/v2\/pages\/423"}],"collection":[{"href":"https:\/\/kinderhaus.pfarrei-badkoetzting.de\/index.php?rest_route=\/wp\/v2\/pages"}],"about":[{"href":"https:\/\/kinderhaus.pfarrei-badkoetzting.de\/index.php?rest_route=\/wp\/v2\/types\/page"}],"author":[{"embeddable":true,"href":"https:\/\/kinderhaus.pfarrei-badkoetzting.de\/index.php?rest_route=\/wp\/v2\/users\/3"}],"replies":[{"embeddable":true,"href":"https:\/\/kinderhaus.pfarrei-badkoetzting.de\/index.php?rest_route=%2Fwp%2Fv2%2Fcomments&post=423"}],"version-history":[{"count":8,"href":"https:\/\/kinderhaus.pfarrei-badkoetzting.de\/index.php?rest_route=\/wp\/v2\/pages\/423\/revisions"}],"predecessor-version":[{"id":1516,"href":"https:\/\/kinderhaus.pfarrei-badkoetzting.de\/index.php?rest_route=\/wp\/v2\/pages\/423\/revisions\/1516"}],"wp:attachment":[{"href":"https:\/\/kinderhaus.pfarrei-badkoetzting.de\/index.php?rest_route=%2Fwp%2Fv2%2Fmedia&parent=423"}],"curies":[{"name":"wp","href":"https:\/\/api.w.org\/{rel}","templated":true}]}}